{"id":3,"date":"2022-08-22T22:57:55","date_gmt":"2022-08-22T22:57:55","guid":{"rendered":"https:\/\/www.petteriorpo.fi\/?page_id=3"},"modified":"2023-03-07T09:19:05","modified_gmt":"2023-03-07T09:19:05","slug":"privacy-policy","status":"publish","type":"page","link":"https:\/\/www.petteriorpo.fi\/sv\/privacy-policy\/","title":{"rendered":"GDPR"},"content":{"rendered":"<h2 class=\"wp-block-heading\"><\/h2>\n\n\n\n<p>T\u00e4m\u00e4 on EU:n yleisen tietosuoja-asetuksen (679\/2016) mukainen selvitys henkil\u00f6tietojen k\u00e4sittelyst\u00e4.<\/p>\n\n\n\n<h4 class=\"wp-block-heading\">Rekisterinpit\u00e4j\u00e4 ja yhteydenotot<\/h4>\n\n\n\n<p>Petteri Orpo<br>Osoite: Eduskunta<br>S\u00e4hk\u00f6posti: <a href=\"\/sv\/&\/#109;a&#x69;l&#x74;o&#x3a;p&#x65;t&#x74;e&#x72;&#105;&#x2e;&#111;&#x72;&#112;&#x6f;&#64;&#x65;&#100;&#x75;&#115;&#x6b;&#117;n&#x74;a&#x2e;f&#x69;\">&#112;&#x65;&#116;&#x74;&#101;&#x72;i&#x2e;o&#114;&#x70;&#111;&#x40;&#101;&#x64;u&#x73;k&#117;&#x6e;&#116;&#x61;&#46;&#x66;&#105;<\/a><br><\/p>\n\n\n\n<p>Kaikissa henkil\u00f6tietojen k\u00e4sittelyyn liittyviss\u00e4 kysymyksiss\u00e4 ja omien oikeuksien k\u00e4ytt\u00e4miseen liittyviss\u00e4 tilanteissa rekister\u00f6ity\u00e4 kehotetaan ottamaan yhteytt\u00e4 rekisterinpit\u00e4j\u00e4\u00e4n.<\/p>\n\n\n\n<h4 class=\"wp-block-heading\">Henkil\u00f6rekisterin nimi<\/h4>\n\n\n\n<p>Kansanedustaja Petteri Orpon viestint\u00e4- ja kampanjarekisteri.<\/p>\n\n\n\n<h4 class=\"wp-block-heading\">Henkil\u00f6tietojen k\u00e4sittelyn peruste ja tarkoitus<\/h4>\n\n\n\n<p>Henkil\u00f6tietojen k\u00e4sittelyn oikeusperusteena on rekister\u00f6idyn antama suostumus henkil\u00f6tietojen k\u00e4sittelyyn. Suostumuksen henkil\u00f6tietojen k\u00e4sittelyyn voi peruuttaa milloin tahansa.<\/p>\n\n\n\n<p>Suostumus henkil\u00f6tietojen k\u00e4sittelyyn annetaan liittym\u00e4ll\u00e4 uutiskirjeen tilaajaksi rekisterinpit\u00e4j\u00e4n verkkosivuilla ja antamalla tilaamisen yhteydess\u00e4 pyydetyt henkil\u00f6tiedot.<\/p>\n\n\n\n<p>Henkil\u00f6tietojen k\u00e4sittelyn tarkoituksiin kuuluvat vaalikampanjoihin ja eduskuntaty\u00f6h\u00f6n liittyv\u00e4 viestint\u00e4 ja yhteydenpito. Tietoja k\u00e4ytet\u00e4\u00e4n kampanjatiedottamiseen ja eduskuntaty\u00f6h\u00f6n liittyv\u00e4\u00e4n viestint\u00e4\u00e4n ja vuorovaikutukseen.<\/p>\n\n\n\n<h4 class=\"wp-block-heading\">S\u00e4\u00e4nn\u00f6nmukaiset tietol\u00e4hteet<\/h4>\n\n\n\n<p>K\u00e4sitelt\u00e4v\u00e4t henkil\u00f6tiedot saadaan s\u00e4\u00e4nn\u00f6nmukaisesti rekister\u00f6idylt\u00e4 itselt\u00e4\u00e4n.<\/p>\n\n\n\n<h4 class=\"wp-block-heading\">K\u00e4sitelt\u00e4v\u00e4t henkil\u00f6tiedot<\/h4>\n\n\n\n<p>Rekisterinpit\u00e4j\u00e4 ker\u00e4\u00e4 rekister\u00f6idyist\u00e4 vain sellaisia henkil\u00f6tietoja, jotka ovat olennaisia ja tarpeellisia t\u00e4ss\u00e4 tietosuojaselosteessa selostettujen k\u00e4ytt\u00f6tarkoitusten kannalta.<\/p>\n\n\n\n<p><em>Rekister\u00f6idyist\u00e4 k\u00e4sitell\u00e4\u00e4n seuraavia tietoja:<\/em><\/p>\n\n\n\n<ul class=\"wp-block-list\">\n<li>Etunimi ja sukunimi<\/li>\n\n\n\n<li>Paikkakunta<\/li>\n\n\n\n<li>S\u00e4hk\u00f6postiosoite<\/li>\n\n\n\n<li>Puhelinnumero<\/li>\n\n\n\n<li>Mahdollinen osallistumistieto puhe- ja keskustelutapahtumaan<\/li>\n<\/ul>\n\n\n\n<h4 class=\"wp-block-heading\">Henkil\u00f6tietojen luovuttaminen<\/h4>\n\n\n\n<p>Henkil\u00f6tietoja ei luovuteta ulkopuolisille, ellei laissa aseteta siihen velvoitetta. Tietoja voidaan siis poikkeuksellisesti luovuttaa esimerkiksi viranomaisille lain vaatimuksesta.<\/p>\n\n\n\n<h4 class=\"wp-block-heading\">Henkil\u00f6tietojen siirrot kolmansiin maihin<\/h4>\n\n\n\n<p>Henkil\u00f6tietoja ei siirret\u00e4 EU:n ja Euroopan talousalueen ulkopuolelle.<\/p>\n\n\n\n<h4 class=\"wp-block-heading\">Henkil\u00f6tietojen suojaus<\/h4>\n\n\n\n<p>Rekisterinpit\u00e4j\u00e4 k\u00e4sittelee henkil\u00f6tietoja tavalla, jolla pyrit\u00e4\u00e4n varmistamaan henkil\u00f6tietojen asianmukainen turvallisuus, mukaan lukien suojaaminen luvattomalta k\u00e4sittelylt\u00e4 sek\u00e4 vahingossa tapahtuvalta h\u00e4vi\u00e4miselt\u00e4, tuhoutumiselta tai vahingoittumiselta.<\/p>\n\n\n\n<p>Rekisterinpit\u00e4j\u00e4 k\u00e4ytt\u00e4\u00e4 asianmukaisia teknisi\u00e4 ja organisatorisia suojatoimia t\u00e4m\u00e4n tavoitteen varmistamiseksi, mukaan lukien palomuurien, salaustekniikoiden ja turvallisten laitetilojen k\u00e4ytt\u00f6, asianmukainen kulunvalvonta, tietoj\u00e4rjestelmien k\u00e4ytt\u00e4j\u00e4tunnusten huolellinen hallinta sek\u00e4 henkil\u00f6tietojen k\u00e4sittelyyn osallistuvan henkil\u00f6st\u00f6n ohjeistaminen.<\/p>\n\n\n\n<p>Kaikilla henkil\u00f6tietoja k\u00e4sittelevill\u00e4 ty\u00f6ntekij\u00f6ill\u00e4 on ty\u00f6sopimuslain (55\/2001) ja niit\u00e4 t\u00e4ydent\u00e4vien salassapitosopimusten perusteella vaitiolovelvollisuus rekister\u00f6ityjen henkil\u00f6tietojen k\u00e4sittelyyn liittyvist\u00e4 asioista.<\/p>\n\n\n\n<h4 class=\"wp-block-heading\">Tietojen s\u00e4ilytysaika<\/h4>\n\n\n\n<p>Rekisterinpit\u00e4j\u00e4 k\u00e4sittelee rekister\u00f6idyn henkil\u00f6tietoja niin kauan kuin niiden s\u00e4ilytt\u00e4minen on tarpeen t\u00e4ss\u00e4 tietosuojaselosteessa kuvattujen tarkoitusten toteuttamiseksi tai kunnes peruste henkil\u00f6tietojen k\u00e4sittelylle p\u00e4\u00e4ttyy. Rekisterinpit\u00e4j\u00e4 poistaa henkil\u00f6tiedot k\u00e4sittelytarpeen p\u00e4\u00e4tytty\u00e4 kuukauden kuluessa noudattamiensa poistoprosessien mukaisesti.<\/p>\n\n\n\n<p>Rekisterinpit\u00e4j\u00e4ll\u00e4 voi olla velvollisuus k\u00e4sitell\u00e4 joitakin rekisteriin kuuluvia henkil\u00f6tietoja yll\u00e4 todettua pitemp\u00e4\u00e4n lains\u00e4\u00e4d\u00e4nn\u00f6n tai viranomaisvaatimusten noudattamiseksi.<\/p>\n\n\n\n<h4 class=\"wp-block-heading\">Profilointi<\/h4>\n\n\n\n<p>Henkil\u00f6tietoja ei k\u00e4ytet\u00e4 profilointiin tai muuhun automaattiseen p\u00e4\u00e4t\u00f6ksentekoon.<\/p>\n\n\n\n<h4 class=\"wp-block-heading\">Rekister\u00f6idyn oikeudet<\/h4>\n\n\n\n<p><em>Oikeus saada p\u00e4\u00e4sy henkil\u00f6tietoihin<\/em><\/p>\n\n\n\n<p>Rekister\u00f6idyll\u00e4 on oikeus saada vahvistus siit\u00e4, k\u00e4sitell\u00e4\u00e4nk\u00f6 h\u00e4nt\u00e4 koskevia henkil\u00f6tietoja, ja jos k\u00e4sitell\u00e4\u00e4n, oikeus saada kopio henkil\u00f6tiedoistaan.<\/p>\n\n\n\n<p><em>Oikeus tietojen oikaisemiseen<\/em><\/p>\n\n\n\n<p>Rekister\u00f6idyll\u00e4 on oikeus pyyt\u00e4\u00e4, ett\u00e4 h\u00e4nt\u00e4 koskevat ep\u00e4tarkat ja virheelliset henkil\u00f6tiedot korjataan. Rekister\u00f6idyll\u00e4 on my\u00f6s oikeus saada puutteelliset henkil\u00f6tiedot t\u00e4ydennetty\u00e4 toimittamalla tarvittavat lis\u00e4tiedot.<\/p>\n\n\n\n<p><em>Oikeus tietojen poistamiseen<\/em><\/p>\n\n\n\n<p>Rekister\u00f6idyll\u00e4 on oikeus pyyt\u00e4\u00e4 itse\u00e4\u00e4n koskevien henkil\u00f6tietojen poistamista, jos<\/p>\n\n\n\n<ol class=\"wp-block-list\">\n<li>henkil\u00f6tietoja ei en\u00e4\u00e4 tarvita niihin tarkoituksiin, joita varten ne on ker\u00e4tty;<\/li>\n\n\n\n<li>rekister\u00f6ity peruuttaa suostumuksen, johon henkil\u00f6tietojen k\u00e4sittely on perustunut, eik\u00e4 k\u00e4sittelyyn ole muuta laillista perustetta; tai<\/li>\n\n\n\n<li>henkil\u00f6tietoja on k\u00e4sitelty lainvastaisesti.<\/li>\n<\/ol>\n\n\n\n<p><em>Oikeus k\u00e4sittelyn rajoittamiseen<\/em><\/p>\n\n\n\n<p>Rekister\u00f6idyll\u00e4 on oikeus rajoittaa itse\u00e4\u00e4n koskevien henkil\u00f6tietojen k\u00e4sittely\u00e4, jos<\/p>\n\n\n\n<ol class=\"wp-block-list\">\n<li>rekister\u00f6ity kiist\u00e4\u00e4 henkil\u00f6tietojensa paikkansapit\u00e4vyyden;<\/li>\n\n\n\n<li>k\u00e4sittely on lainvastaista, ja rekister\u00f6ity vastustaa henkil\u00f6tietojensa poistamista ja vaatii sen sijaan niiden k\u00e4yt\u00f6n rajoittamista; tai<\/li>\n\n\n\n<li>rekisterinpit\u00e4j\u00e4 ei en\u00e4\u00e4 tarvitse henkil\u00f6tietoja k\u00e4sittelyn alkuper\u00e4isiin tarkoituksiin, mutta rekister\u00f6ity tarvitsee niit\u00e4 oikeudellisen vaateen laatimiseksi, esitt\u00e4miseksi tai puolustamiseksi.<\/li>\n<\/ol>\n\n\n\n<p><em>Oikeus peruuttaa suostumus<\/em><\/p>\n\n\n\n<p>Rekister\u00f6idyll\u00e4 on oikeus peruuttaa k\u00e4sittelyyn antamansa suostumus milloin tahansa t\u00e4m\u00e4n vaikuttamatta suostumuksen perusteella ennen t\u00e4t\u00e4 suoritetun k\u00e4sittelyn lainmukaisuuteen.<\/p>\n\n\n\n<p><em>Oikeus siirt\u00e4\u00e4 tiedot j\u00e4rjestelm\u00e4st\u00e4 toiseen<\/em><\/p>\n\n\n\n<p>Rekister\u00f6idyll\u00e4 on oikeus saada h\u00e4nt\u00e4 koskevat ja h\u00e4nen itse toimittamansa henkil\u00f6tiedot j\u00e4sennellyss\u00e4, yleisesti k\u00e4ytetyss\u00e4 ja koneellisesti luettavassa muodossa ja oikeus siirt\u00e4\u00e4 kyseiset tiedot toiselle rekisterinpit\u00e4j\u00e4lle.<\/p>\n\n\n\n<p><em>Oikeus tehd\u00e4 valitus valvontaviranomaiselle<\/em><\/p>\n\n\n\n<p>Henkil\u00f6tietoasioiden kansallisena valvontaviranomaisena on oikeusministeri\u00f6n yhteydess\u00e4 toimiva tietosuojavaltuutetun toimisto. Sinulla on oikeus saattaa asiasi valvontaviranomaisen k\u00e4sitelt\u00e4v\u00e4ksi, jos katsot, ett\u00e4 sinua koskevien henkil\u00f6tietojen k\u00e4sittelyss\u00e4 rikotaan sit\u00e4 koskevaa lains\u00e4\u00e4d\u00e4nt\u00f6\u00e4.<\/p>\n\n\n\n<h4 class=\"wp-block-heading\">Tietosuojak\u00e4yt\u00e4nt\u00f6jen muuttaminen<\/h4>\n\n\n\n<p>Rekisterinpit\u00e4j\u00e4 kehitt\u00e4\u00e4 toimintaansa jatkuvasti ja voi sen takia joutua tarpeen mukaan muuttamaan ja p\u00e4ivitt\u00e4m\u00e4\u00e4n tietosuojak\u00e4yt\u00e4nt\u00f6j\u00e4\u00e4n. Muutokset voivat perustua my\u00f6s tietosuojaa koskevan lains\u00e4\u00e4d\u00e4nn\u00f6n muuttumiseen.<\/p>\n\n\n\n<p>Mik\u00e4li muutokset pit\u00e4v\u00e4t sis\u00e4ll\u00e4\u00e4n uusia tarkoituksia henkil\u00f6tietojen k\u00e4sittelylle tai muutoin muuttuvat merkitt\u00e4v\u00e4sti, rekisterinpit\u00e4j\u00e4 ilmoittaa niist\u00e4 etuk\u00e4teen ja pyyt\u00e4\u00e4 tarvittaessa rekister\u00f6idyn suostumuksen.<\/p>\n\n\n\n<p>Tietosuojaseloste on p\u00e4ivitetty 7.3.2023.<\/p>\n\n\n\n<h2 class=\"wp-block-heading\"><\/h2>","protected":false},"excerpt":{"rendered":"<p>T\u00e4m\u00e4 on EU:n yleisen tietosuoja-asetuksen (679\/2016) mukainen selvitys henkil\u00f6tietojen k\u00e4sittelyst\u00e4. Rekisterinpit\u00e4j\u00e4 ja yhteydenotot Petteri OrpoOsoite: EduskuntaS\u00e4hk\u00f6posti: &#112;&#101;&#x74;&#x74;&#101;&#114;&#x69;&#x2e;&#111;&#114;&#x70;&#x6f;&#64;&#101;&#x64;&#x75;&#115;&#107;&#x75;&#x6e;&#116;&#97;&#x2e;&#x66;&#105; Kaikissa henkil\u00f6tietojen k\u00e4sittelyyn liittyviss\u00e4 kysymyksiss\u00e4 ja omien oikeuksien k\u00e4ytt\u00e4miseen liittyviss\u00e4 tilanteissa rekister\u00f6ity\u00e4 kehotetaan ottamaan yhteytt\u00e4 rekisterinpit\u00e4j\u00e4\u00e4n. Henkil\u00f6rekisterin nimi Kansanedustaja Petteri Orpon viestint\u00e4- ja kampanjarekisteri. Henkil\u00f6tietojen k\u00e4sittelyn peruste ja tarkoitus Henkil\u00f6tietojen k\u00e4sittelyn oikeusperusteena on rekister\u00f6idyn antama suostumus henkil\u00f6tietojen k\u00e4sittelyyn. [&hellip;]<\/p>","protected":false},"author":1,"featured_media":0,"parent":0,"menu_order":0,"comment_status":"closed","ping_status":"open","template":"","meta":{"footnotes":""},"class_list":["post-3","page","type-page","status-publish","hentry"],"yoast_head":"<!-- This site is optimized with the Yoast SEO plugin v26.0 - https:\/\/yoast.com\/wordpress\/plugins\/seo\/ -->\n<title>Tietosuojaseloste - Petteri Orpo<\/title>\n<meta name=\"robots\" content=\"index, follow, max-snippet:-1, max-image-preview:large, max-video-preview:-1\" \/>\n<link rel=\"canonical\" href=\"https:\/\/www.petteriorpo.fi\/sv\/privacy-policy\/\" \/>\n<meta property=\"og:locale\" content=\"sv_SE\" \/>\n<meta property=\"og:type\" content=\"article\" \/>\n<meta property=\"og:title\" content=\"Tietosuojaseloste - Petteri Orpo\" \/>\n<meta property=\"og:description\" content=\"T\u00e4m\u00e4 on EU:n yleisen tietosuoja-asetuksen (679\/2016) mukainen selvitys henkil\u00f6tietojen k\u00e4sittelyst\u00e4. Rekisterinpit\u00e4j\u00e4 ja yhteydenotot Petteri OrpoOsoite: EduskuntaS\u00e4hk\u00f6posti: &#x70;&#x65;&#x74;&#x74;&#x65;&#x72;&#x69;&#x2e;&#111;&#114;&#112;&#111;&#064;&#101;&#100;usku&#x6e;&#x74;&#x61;&#x2e;&#x66;&#x69; Kaikissa henkil\u00f6tietojen k\u00e4sittelyyn liittyviss\u00e4 kysymyksiss\u00e4 ja omien oikeuksien k\u00e4ytt\u00e4miseen liittyviss\u00e4 tilanteissa rekister\u00f6ity\u00e4 kehotetaan ottamaan yhteytt\u00e4 rekisterinpit\u00e4j\u00e4\u00e4n. Henkil\u00f6rekisterin nimi Kansanedustaja Petteri Orpon viestint\u00e4- ja kampanjarekisteri. Henkil\u00f6tietojen k\u00e4sittelyn peruste ja tarkoitus Henkil\u00f6tietojen k\u00e4sittelyn oikeusperusteena on rekister\u00f6idyn antama suostumus henkil\u00f6tietojen k\u00e4sittelyyn. [&hellip;]\" \/>\n<meta property=\"og:url\" content=\"https:\/\/www.petteriorpo.fi\/sv\/privacy-policy\/\" \/>\n<meta property=\"og:site_name\" content=\"Petteri Orpo\" \/>\n<meta property=\"article:modified_time\" content=\"2023-03-07T09:19:05+00:00\" \/>\n<meta name=\"twitter:card\" content=\"summary_large_image\" \/>\n<meta name=\"twitter:label1\" content=\"Ber\u00e4knad l\u00e4stid\" \/>\n\t<meta name=\"twitter:data1\" content=\"4 minuter\" \/>\n<script type=\"application\/ld+json\" class=\"yoast-schema-graph\">{\"@context\":\"https:\/\/schema.org\",\"@graph\":[{\"@type\":\"WebPage\",\"@id\":\"https:\/\/www.petteriorpo.fi\/privacy-policy\/\",\"url\":\"https:\/\/www.petteriorpo.fi\/privacy-policy\/\",\"name\":\"Tietosuojaseloste - Petteri Orpo\",\"isPartOf\":{\"@id\":\"https:\/\/www.petteriorpo.fi\/#website\"},\"datePublished\":\"2022-08-22T22:57:55+00:00\",\"dateModified\":\"2023-03-07T09:19:05+00:00\",\"breadcrumb\":{\"@id\":\"https:\/\/www.petteriorpo.fi\/privacy-policy\/#breadcrumb\"},\"inLanguage\":\"sv-SE\",\"potentialAction\":[{\"@type\":\"ReadAction\",\"target\":[\"https:\/\/www.petteriorpo.fi\/privacy-policy\/\"]}]},{\"@type\":\"BreadcrumbList\",\"@id\":\"https:\/\/www.petteriorpo.fi\/privacy-policy\/#breadcrumb\",\"itemListElement\":[{\"@type\":\"ListItem\",\"position\":1,\"name\":\"Etusivu\",\"item\":\"https:\/\/www.petteriorpo.fi\/\"},{\"@type\":\"ListItem\",\"position\":2,\"name\":\"Tietosuojaseloste\"}]},{\"@type\":\"WebSite\",\"@id\":\"https:\/\/www.petteriorpo.fi\/#website\",\"url\":\"https:\/\/www.petteriorpo.fi\/\",\"name\":\"Petteri Orpo\",\"description\":\"Yhdess&auml; tehden eteenp&auml;in\",\"publisher\":{\"@id\":\"https:\/\/www.petteriorpo.fi\/#organization\"},\"potentialAction\":[{\"@type\":\"SearchAction\",\"target\":{\"@type\":\"EntryPoint\",\"urlTemplate\":\"https:\/\/www.petteriorpo.fi\/?s={search_term_string}\"},\"query-input\":{\"@type\":\"PropertyValueSpecification\",\"valueRequired\":true,\"valueName\":\"search_term_string\"}}],\"inLanguage\":\"sv-SE\"},{\"@type\":\"Organization\",\"@id\":\"https:\/\/www.petteriorpo.fi\/#organization\",\"name\":\"Petteri Orpo\",\"url\":\"https:\/\/www.petteriorpo.fi\/\",\"logo\":{\"@type\":\"ImageObject\",\"inLanguage\":\"sv-SE\",\"@id\":\"https:\/\/www.petteriorpo.fi\/#\/schema\/logo\/image\/\",\"url\":\"https:\/\/www.petteriorpo.fi\/wp-content\/uploads\/2022\/08\/logo_orpo.png\",\"contentUrl\":\"https:\/\/www.petteriorpo.fi\/wp-content\/uploads\/2022\/08\/logo_orpo.png\",\"width\":114,\"height\":120,\"caption\":\"Petteri Orpo\"},\"image\":{\"@id\":\"https:\/\/www.petteriorpo.fi\/#\/schema\/logo\/image\/\"}}]}<\/script>\n<!-- \/ Yoast SEO plugin. -->","yoast_head_json":{"title":"Tietosuojaseloste - Petteri Orpo","robots":{"index":"index","follow":"follow","max-snippet":"max-snippet:-1","max-image-preview":"max-image-preview:large","max-video-preview":"max-video-preview:-1"},"canonical":"https:\/\/www.petteriorpo.fi\/sv\/privacy-policy\/","og_locale":"sv_SE","og_type":"article","og_title":"Tietosuojaseloste - Petteri Orpo","og_description":"T\u00e4m\u00e4 on EU:n yleisen tietosuoja-asetuksen (679\/2016) mukainen selvitys henkil\u00f6tietojen k\u00e4sittelyst\u00e4. Rekisterinpit\u00e4j\u00e4 ja yhteydenotot Petteri OrpoOsoite: EduskuntaS\u00e4hk\u00f6posti: &#x70;&#x65;&#x74;&#x74;&#x65;&#x72;&#x69;&#x2e;&#111;&#114;&#112;&#111;&#64;&#101;&#100;usku&#x6e;&#x74;&#x61;&#x2e;&#x66;&#x69; Kaikissa henkil\u00f6tietojen k\u00e4sittelyyn liittyviss\u00e4 kysymyksiss\u00e4 ja omien oikeuksien k\u00e4ytt\u00e4miseen liittyviss\u00e4 tilanteissa rekister\u00f6ity\u00e4 kehotetaan ottamaan yhteytt\u00e4 rekisterinpit\u00e4j\u00e4\u00e4n. Henkil\u00f6rekisterin nimi Kansanedustaja Petteri Orpon viestint\u00e4- ja kampanjarekisteri. Henkil\u00f6tietojen k\u00e4sittelyn peruste ja tarkoitus Henkil\u00f6tietojen k\u00e4sittelyn oikeusperusteena on rekister\u00f6idyn antama suostumus henkil\u00f6tietojen k\u00e4sittelyyn. [&hellip;]","og_url":"https:\/\/www.petteriorpo.fi\/sv\/privacy-policy\/","og_site_name":"Petteri Orpo","article_modified_time":"2023-03-07T09:19:05+00:00","twitter_card":"summary_large_image","twitter_misc":{"Ber\u00e4knad l\u00e4stid":"4 minuter"},"schema":{"@context":"https:\/\/schema.org","@graph":[{"@type":"WebPage","@id":"https:\/\/www.petteriorpo.fi\/privacy-policy\/","url":"https:\/\/www.petteriorpo.fi\/privacy-policy\/","name":"Tietosuojaseloste - Petteri Orpo","isPartOf":{"@id":"https:\/\/www.petteriorpo.fi\/#website"},"datePublished":"2022-08-22T22:57:55+00:00","dateModified":"2023-03-07T09:19:05+00:00","breadcrumb":{"@id":"https:\/\/www.petteriorpo.fi\/privacy-policy\/#breadcrumb"},"inLanguage":"sv-SE","potentialAction":[{"@type":"ReadAction","target":["https:\/\/www.petteriorpo.fi\/privacy-policy\/"]}]},{"@type":"BreadcrumbList","@id":"https:\/\/www.petteriorpo.fi\/privacy-policy\/#breadcrumb","itemListElement":[{"@type":"ListItem","position":1,"name":"Etusivu","item":"https:\/\/www.petteriorpo.fi\/"},{"@type":"ListItem","position":2,"name":"Tietosuojaseloste"}]},{"@type":"WebSite","@id":"https:\/\/www.petteriorpo.fi\/#website","url":"https:\/\/www.petteriorpo.fi\/","name":"Petteri Orpo","description":"Yhdess&auml; tehden eteenp&auml;in","publisher":{"@id":"https:\/\/www.petteriorpo.fi\/#organization"},"potentialAction":[{"@type":"SearchAction","target":{"@type":"EntryPoint","urlTemplate":"https:\/\/www.petteriorpo.fi\/?s={search_term_string}"},"query-input":{"@type":"PropertyValueSpecification","valueRequired":true,"valueName":"search_term_string"}}],"inLanguage":"sv-SE"},{"@type":"Organization","@id":"https:\/\/www.petteriorpo.fi\/#organization","name":"Petteri Orpo","url":"https:\/\/www.petteriorpo.fi\/","logo":{"@type":"ImageObject","inLanguage":"sv-SE","@id":"https:\/\/www.petteriorpo.fi\/#\/schema\/logo\/image\/","url":"https:\/\/www.petteriorpo.fi\/wp-content\/uploads\/2022\/08\/logo_orpo.png","contentUrl":"https:\/\/www.petteriorpo.fi\/wp-content\/uploads\/2022\/08\/logo_orpo.png","width":114,"height":120,"caption":"Petteri Orpo"},"image":{"@id":"https:\/\/www.petteriorpo.fi\/#\/schema\/logo\/image\/"}}]}},"_links":{"self":[{"href":"https:\/\/www.petteriorpo.fi\/sv\/wp-json\/wp\/v2\/pages\/3","targetHints":{"allow":["GET"]}}],"collection":[{"href":"https:\/\/www.petteriorpo.fi\/sv\/wp-json\/wp\/v2\/pages"}],"about":[{"href":"https:\/\/www.petteriorpo.fi\/sv\/wp-json\/wp\/v2\/types\/page"}],"author":[{"embeddable":true,"href":"https:\/\/www.petteriorpo.fi\/sv\/wp-json\/wp\/v2\/users\/1"}],"replies":[{"embeddable":true,"href":"https:\/\/www.petteriorpo.fi\/sv\/wp-json\/wp\/v2\/comments?post=3"}],"version-history":[{"count":1,"href":"https:\/\/www.petteriorpo.fi\/sv\/wp-json\/wp\/v2\/pages\/3\/revisions"}],"predecessor-version":[{"id":1231,"href":"https:\/\/www.petteriorpo.fi\/sv\/wp-json\/wp\/v2\/pages\/3\/revisions\/1231"}],"wp:attachment":[{"href":"https:\/\/www.petteriorpo.fi\/sv\/wp-json\/wp\/v2\/media?parent=3"}],"curies":[{"name":"wp","href":"https:\/\/api.w.org\/{rel}","templated":true}]}}