{"version":"1.0","provider_name":"Petteri Orpo","provider_url":"https:\/\/www.petteriorpo.fi\/sv","title":"Yksityinen omistus on mets\u00e4politiikan kulmakivi - Petteri Orpo","type":"rich","width":600,"height":338,"html":"<blockquote class=\"wp-embedded-content\" data-secret=\"bvHRWx2Msw\"><a href=\"https:\/\/www.petteriorpo.fi\/sv\/yksityinen-omistus-on-metsapolitiikan-kulmakivi\/\">Yksityinen omistus on mets\u00e4politiikan kulmakivi<\/a><\/blockquote><iframe sandbox=\"allow-scripts\" security=\"restricted\" src=\"https:\/\/www.petteriorpo.fi\/sv\/yksityinen-omistus-on-metsapolitiikan-kulmakivi\/embed\/#?secret=bvHRWx2Msw\" width=\"600\" height=\"338\" title=\"\u201dYksityinen omistus on mets\u00e4politiikan kulmakivi\u201d &ndash; Petteri Orpo\" data-secret=\"bvHRWx2Msw\" frameborder=\"0\" marginwidth=\"0\" marginheight=\"0\" scrolling=\"no\" class=\"wp-embedded-content\"><\/iframe><script>\n\/*! This file is auto-generated *\/\n!function(d,l){\"use strict\";l.querySelector&&d.addEventListener&&\"undefined\"!=typeof URL&&(d.wp=d.wp||{},d.wp.receiveEmbedMessage||(d.wp.receiveEmbedMessage=function(e){var t=e.data;if((t||t.secret||t.message||t.value)&&!\/[^a-zA-Z0-9]\/.test(t.secret)){for(var s,r,n,a=l.querySelectorAll('iframe[data-secret=\"'+t.secret+'\"]'),o=l.querySelectorAll('blockquote[data-secret=\"'+t.secret+'\"]'),c=new RegExp(\"^https?:$\",\"i\"),i=0;i<o.length;i++)o[i].style.display=\"none\";for(i=0;i<a.length;i++)s=a[i],e.source===s.contentWindow&&(s.removeAttribute(\"style\"),\"height\"===t.message?(1e3<(r=parseInt(t.value,10))?r=1e3:~~r<200&&(r=200),s.height=r):\"link\"===t.message&&(r=new URL(s.getAttribute(\"src\")),n=new URL(t.value),c.test(n.protocol))&&n.host===r.host&&l.activeElement===s&&(d.top.location.href=t.value))}},d.addEventListener(\"message\",d.wp.receiveEmbedMessage,!1),l.addEventListener(\"DOMContentLoaded\",function(){for(var e,t,s=l.querySelectorAll(\"iframe.wp-embedded-content\"),r=0;r<s.length;r++)(t=(e=s[r]).getAttribute(\"data-secret\"))||(t=Math.random().toString(36).substring(2,12),e.src+=\"#?secret=\"+t,e.setAttribute(\"data-secret\",t)),e.contentWindow.postMessage({message:\"ready\",secret:t},\"*\")},!1)))}(window,document);\n<\/script>","thumbnail_url":"https:\/\/www.petteriorpo.fi\/wp-content\/uploads\/2020\/06\/WhatsApp-Image-2020-06-12-at-11.44.23.jpeg","thumbnail_width":1200,"thumbnail_height":965,"description":"(Julkaistu vieraskolumnina Maaseudun Tulevaisuudessa 15.1.2020) Suomalaiset voivat sanoa selk\u00e4 suorassa, ett\u00e4 suomalainen mets\u00e4politiikka on maailman parasta. Metsien vuosittainen kasvu on kaksinkertaistunut kuluneen 50 vuoden aikana ja samaan aikaan mets\u00e4varamme ovat kasvaneet miljardilla kuutiometrill\u00e4. Yksityiset mets\u00e4nomistajat ovat saaneet j\u00e4rkev\u00e4\u00e4 tuottoa mets\u00e4lle, mets\u00e4teollisuus on tuonut ty\u00f6t\u00e4 ja hyvinvointia koko maahan, ja samaan aikaan on suojeltu t\u00e4rkeit\u00e4 luontokohteita. [&hellip;]"}