{"version":"1.0","provider_name":"Petteri Orpo","provider_url":"https:\/\/www.petteriorpo.fi\/en","title":"Puhe Kokoomuksen ministeriryhm\u00e4n kes\u00e4kokouksessa Joensuussa - Petteri Orpo","type":"rich","width":600,"height":338,"html":"<blockquote class=\"wp-embedded-content\" data-secret=\"CiCdCiXQsB\"><a href=\"https:\/\/www.petteriorpo.fi\/en\/puhe-kokoomuksen-ministeriryhman-kesakokouksessa-joensuussa\/\">Puhe Kokoomuksen ministeriryhm\u00e4n kes\u00e4kokouksessa Joensuussa<\/a><\/blockquote><iframe sandbox=\"allow-scripts\" security=\"restricted\" src=\"https:\/\/www.petteriorpo.fi\/en\/puhe-kokoomuksen-ministeriryhman-kesakokouksessa-joensuussa\/embed\/#?secret=CiCdCiXQsB\" width=\"600\" height=\"338\" title=\"&#8220;Puhe Kokoomuksen ministeriryhm\u00e4n kes\u00e4kokouksessa Joensuussa&#8221; &#8212; Petteri Orpo\" data-secret=\"CiCdCiXQsB\" frameborder=\"0\" marginwidth=\"0\" marginheight=\"0\" scrolling=\"no\" class=\"wp-embedded-content\"><\/iframe><script>\n\/*! This file is auto-generated *\/\n!function(d,l){\"use strict\";l.querySelector&&d.addEventListener&&\"undefined\"!=typeof URL&&(d.wp=d.wp||{},d.wp.receiveEmbedMessage||(d.wp.receiveEmbedMessage=function(e){var t=e.data;if((t||t.secret||t.message||t.value)&&!\/[^a-zA-Z0-9]\/.test(t.secret)){for(var s,r,n,a=l.querySelectorAll('iframe[data-secret=\"'+t.secret+'\"]'),o=l.querySelectorAll('blockquote[data-secret=\"'+t.secret+'\"]'),c=new RegExp(\"^https?:$\",\"i\"),i=0;i<o.length;i++)o[i].style.display=\"none\";for(i=0;i<a.length;i++)s=a[i],e.source===s.contentWindow&&(s.removeAttribute(\"style\"),\"height\"===t.message?(1e3<(r=parseInt(t.value,10))?r=1e3:~~r<200&&(r=200),s.height=r):\"link\"===t.message&&(r=new URL(s.getAttribute(\"src\")),n=new URL(t.value),c.test(n.protocol))&&n.host===r.host&&l.activeElement===s&&(d.top.location.href=t.value))}},d.addEventListener(\"message\",d.wp.receiveEmbedMessage,!1),l.addEventListener(\"DOMContentLoaded\",function(){for(var e,t,s=l.querySelectorAll(\"iframe.wp-embedded-content\"),r=0;r<s.length;r++)(t=(e=s[r]).getAttribute(\"data-secret\"))||(t=Math.random().toString(36).substring(2,12),e.src+=\"#?secret=\"+t,e.setAttribute(\"data-secret\",t)),e.contentWindow.postMessage({message:\"ready\",secret:t},\"*\")},!1)))}(window,document);\n<\/script>","thumbnail_url":"https:\/\/www.petteriorpo.fi\/wp-content\/uploads\/2016\/11\/30258659385_b258264bf2_k.jpg","thumbnail_width":2048,"thumbnail_height":1365,"description":"Hyv\u00e4t yst\u00e4v\u00e4t, kuulijat &nbsp; Kes\u00e4 on Suomessa ollut poikkeuksellinen. Enk\u00e4 nyt puhu pelk\u00e4st\u00e4\u00e4n enn\u00e4tyshelteist\u00e4, vaan my\u00f6s hein\u00e4kuussa j\u00e4rjestetyst\u00e4 Yhdysvaltojen ja Ven\u00e4j\u00e4n presidenttien tapaamisesta, johon kohdistui laajaa kansainv\u00e4list\u00e4 mielenkiintoa. Tapaaminen oli Suomelle, Suomen ulkopolitiikalle sek\u00e4 tasavallan presidentti Niinist\u00f6lle menestys. Jotkut ovat olleet huolissaan siit\u00e4, millaisena maana Suomi n\u00e4ytt\u00e4ytyi kokouksen j\u00e4rjest\u00e4j\u00e4n\u00e4. Ulkoministeri\u00f6n ja Helsingin kaupungin teett\u00e4m\u00e4n mediatutkimuksen [&hellip;]"}